{"version":"1.0","provider_name":"Notaria Manuel Sierra Murcia - Pe\u00f1iscola","provider_url":"https:\/\/www.notariamsierra.com\/wp","author_name":"pepesa1993@gmail.com","author_url":"https:\/\/www.notariamsierra.com\/wp\/author\/pepesa1993gmail-com\/","title":"Tus datos personales est\u00e1n a salvo conmigo - Notaria Manuel Sierra Murcia - Pe\u00f1iscola","type":"rich","width":600,"height":338,"html":"<blockquote class=\"wp-embedded-content\" data-secret=\"a6Z2EQOoVB\"><a href=\"https:\/\/www.notariamsierra.com\/wp\/2021\/05\/26\/tus-datos-personales-estan-a-salvo-conmigo\/\">Tus datos personales est\u00e1n a salvo conmigo<\/a><\/blockquote><iframe sandbox=\"allow-scripts\" security=\"restricted\" src=\"https:\/\/www.notariamsierra.com\/wp\/2021\/05\/26\/tus-datos-personales-estan-a-salvo-conmigo\/embed\/#?secret=a6Z2EQOoVB\" width=\"600\" height=\"338\" title=\"\u00abTus datos personales est\u00e1n a salvo conmigo\u00bb \u2014 Notaria Manuel Sierra Murcia - Pe\u00f1iscola\" data-secret=\"a6Z2EQOoVB\" frameborder=\"0\" marginwidth=\"0\" marginheight=\"0\" scrolling=\"no\" class=\"wp-embedded-content\"><\/iframe><script type=\"text\/javascript\">\n\/* <![CDATA[ *\/\n\/*! This file is auto-generated *\/\n!function(d,l){\"use strict\";l.querySelector&&d.addEventListener&&\"undefined\"!=typeof URL&&(d.wp=d.wp||{},d.wp.receiveEmbedMessage||(d.wp.receiveEmbedMessage=function(e){var t=e.data;if((t||t.secret||t.message||t.value)&&!\/[^a-zA-Z0-9]\/.test(t.secret)){for(var s,r,n,a=l.querySelectorAll('iframe[data-secret=\"'+t.secret+'\"]'),o=l.querySelectorAll('blockquote[data-secret=\"'+t.secret+'\"]'),c=new RegExp(\"^https?:$\",\"i\"),i=0;i<o.length;i++)o[i].style.display=\"none\";for(i=0;i<a.length;i++)s=a[i],e.source===s.contentWindow&&(s.removeAttribute(\"style\"),\"height\"===t.message?(1e3<(r=parseInt(t.value,10))?r=1e3:~~r<200&&(r=200),s.height=r):\"link\"===t.message&&(r=new URL(s.getAttribute(\"src\")),n=new URL(t.value),c.test(n.protocol))&&n.host===r.host&&l.activeElement===s&&(d.top.location.href=t.value))}},d.addEventListener(\"message\",d.wp.receiveEmbedMessage,!1),l.addEventListener(\"DOMContentLoaded\",function(){for(var e,t,s=l.querySelectorAll(\"iframe.wp-embedded-content\"),r=0;r<s.length;r++)(t=(e=s[r]).getAttribute(\"data-secret\"))||(t=Math.random().toString(36).substring(2,12),e.src+=\"#?secret=\"+t,e.setAttribute(\"data-secret\",t)),e.contentWindow.postMessage({message:\"ready\",secret:t},\"*\")},!1)))}(window,document);\n\/\/# sourceURL=https:\/\/www.notariamsierra.com\/wp\/wp-includes\/js\/wp-embed.min.js\n\/* ]]> *\/\n<\/script>\n","description":"\u00bfSabes de qu\u00e9 a\u00f1o es la Ley de Protecci\u00f3n de Datos de Car\u00e1cter Personal? Probablemente me dir\u00e1s que data de 1999. Est\u00e1s en lo cierto, pero, \u00bfqu\u00e9 pensar\u00edas si te digo que es de 1862? Me estoy refiriendo a la&hellip;"}